{"id":999,"date":"2018-12-01T14:54:29","date_gmt":"2018-12-01T12:54:29","guid":{"rendered":"https:\/\/ifis-iz.com\/product\/goenuel-yazilari"},"modified":"2022-09-17T16:55:27","modified_gmt":"2022-09-17T16:55:27","slug":"goenuel-yazilari","status":"publish","type":"product","link":"https:\/\/www.ifis-iz.com\/tr\/urun\/goenuel-yazilari","title":{"rendered":"G\u00f6n\u00fcl Yaz\u0131lar\u0131"},"content":{"rendered":"<p>Prof. Dr. H\u00fcseyin \u0130lker \u00c7\u0131nar&#8217;in y\u0131llard\u0131r devam eden yo\u011fun bilimsel ara\u015ft\u0131rmalar\u0131 ve titiz \u00e7al\u0131\u015fmalar\u0131n\u0131n bir \u00fcr\u00fcn\u00fc olan bu eser, ta\u015f\u0131d\u0131\u011f\u0131 \u201cKur\u2019\u00e2n-\u0131 Ker\u00eem ve Had\u00ees-i \u015eer\u00eefler I\u015f\u0131\u011f\u0131nda Tasavvuf ve G\u00fczel Ahl\u00e2k\u201d alt ba\u015fl\u0131\u011f\u0131ndan da anla\u015f\u0131laca\u011f\u0131 \u00fczere b\u00fcnyesinde ele al\u0131nan konular\u0131 \u00f6ncelikle \u0130sl\u00e2m\u2019\u0131n temel kaynaklar\u0131 olan Kur\u2019\u00e2n-\u0131 Ker\u00eem ve had\u00ees-i \u015fer\u00eefler (tefsirler-\u015ferhler) \u0131\u015f\u0131\u011f\u0131nda ele almakla birlikte i\u015flenen i\u00e7eriklere g\u00f6re yer yer \u0130sl\u00e2m bilimlerinin di\u011fer alanlar\u0131na (ak\u00e2id-kelam, tasavvuf, f\u0131k\u0131h vs.) ili\u015fkin temel klasik ve modern kaynaklardan da istifade yoluna giderek okuyucuya geni\u015f bir literat\u00fcrden konulara bakma imkan\u0131 sunmaktad\u0131r. Eser, genel itibariyle ilim-irf\u00e2n, ihl\u00e2s-ihs\u00e2n ve hikmetin \u00f6ncelendi\u011fi, y\u00fczeysellikten ve sathilikten uzak, der\u00fbn\u00eeli\u011fin ve g\u00fczel ahl\u00e2k\u0131n esas oldu\u011fu, g\u00f6steri\u015f ve hur\u00e2felere kapal\u0131, istik\u00e2mete dayal\u0131, \u00fcmmet \u015fuurunu zedelemeyen ve \u00f6z\u00fcne uygun bir tasavvuf anlay\u0131\u015f\u0131n\u0131 ortaya koymaktad\u0131r. Bu minval \u00fczere g\u00fcn\u00fcm\u00fczde kimi tasavvuf\u00ee anlay\u0131\u015f ve yap\u0131lanmalarda m\u00fc\u015fahede edilen sorunlara, suistimallere, sapmalara ve aksakl\u0131klara de\u011finen Prof. Dr. H\u00fcseyin \u0130lker \u00c7\u0131nar, tasavvuf ve tar\u00eekat \u015fal\u0131 alt\u0131nda siy\u00e2s\u00ee ve tic\u00e2r\u00ee kurumlar h\u00e2line gelen yap\u0131lanmalar\u0131n \u00f6zden ve tasavvufun olmazsa olmazlar\u0131ndan nas\u0131l da uzakla\u015ft\u0131klar\u0131n\u0131 ifade ederek sat\u0131r aralar\u0131nda bu savrulma ve \u00f6zden uzakla\u015fmadan kurtulman\u0131n \u00e7\u00f6z\u00fcm yollar\u0131na ili\u015fkin de\u011ferlendirmelerde de bulunmaktad\u0131r.<\/p>\n<p>\u0130sl\u00e2m\u2019\u0131n \u00e7esitli alanlar\u0131nda akademik bir \u00fcslub ile, muhatab\u0131n zihin ve g\u00f6n\u00fcl d\u00fcnyas\u0131n\u0131 kucaklay\u0131c\u0131 bir tarzda kaleme al\u0131nan ve her biri ilim-irf\u00e2n ve hikmet kokan makalelerden olu\u015fan bu eser, tasavvufa dair meselelerin ve bu konulara ili\u015fkin tasavvufla adeta isimleri \u00f6zde\u015fle\u015fmis \u00e2lim-\u00e2riflerin g\u00f6r\u00fc\u015flerinin ele al\u0131nd\u0131\u011f\u0131 giri\u015f ve mukaddimenin yan\u0131 s\u0131ra konu itibariyle birbirine yak\u0131nl\u0131k arz eden metinlerin d\u00f6rt ana b\u00f6l\u00fcm alt\u0131nda toplanmas\u0131yla te\u015fekk\u00fcl etmi\u015ftir. \u0130lgili makalelerde g\u00fczel ahl\u00e2k kavram\u0131 ve insan\u0131n \u00f6z\u00fcne, kalb-i sel\u00eem\u2019e do\u011fru olan yolculu\u011fu, konular\u0131n el verdi\u011fi \u00f6l\u00e7\u00fcde \u00f6ncelenerek ele al\u0131nmaya \u00e7al\u0131\u015f\u0131lm\u0131\u015ft\u0131r. Tasavvufun ne oldu\u011fu ve de ne olmad\u0131\u011f\u0131 sorusuna cevap aranan eserde ba\u015fta Kur\u2019\u00e2n-\u0131 Ker\u00eem ve had\u00ees-i \u015fer\u00eefler (tefsirler-\u015ferhler) olmak \u00fczere yo\u011funluklu olarak \u2013 konular\u0131na g\u00f6re \u2013 \u0130sl\u00e2m ilahiyat\u0131n\u0131n ilgili bilim dallar\u0131nda iz b\u0131rakm\u0131\u015f temel klasik kaynaklardan istifade edilme yoluna gidilmi\u015f, bununla birlikte eserde modern bilimsel \u00e7al\u0131\u015fmalar\u0131n yan\u0131 s\u0131ra bat\u0131l\u0131 kaynaklara da geni\u015f yer verilmistir.<\/p>\n","protected":false},"excerpt":{"rendered":"<p>Yay\u0131mlad\u0131\u011f\u0131 kitaplarla ilim, irf\u00e2n ve k\u00fclt\u00fcr d\u00fcnyas\u0131na de\u011ferli katk\u0131lar sunmaya devam eden \u0130F\u0130S&#038;\u0130Z Publications, muhterem Prof. Dr. H\u00fcseyin \u0130lker \u00c7\u0131nar&#8217;in engin g\u00f6n\u00fcl kaleminden \u00e7\u0131kan ve irf\u00e2n kokan \u201cG\u00f6n\u00fcl Yaz\u0131lar\u0131. Kur\u2019\u00e2n-\u0131 Ker\u00eem ve Had\u00ees-i \u015eer\u00eefler I\u015f\u0131\u011f\u0131nda Tasavvuf ve G\u00fczel Ahl\u00e2k\u201d isimli eseriyle yay\u0131nlar\u0131na bir yenisini daha ekledi.<\/p>\n[elementor-template id=\"1906\"]\n","protected":false},"featured_media":998,"template":"","meta":[],"product_brand":[],"product_cat":[28,149],"product_tag":[],"class_list":{"0":"post-999","1":"product","2":"type-product","3":"status-publish","4":"has-post-thumbnail","6":"product_cat-genel","7":"product_cat-tasavvuf-ve-guezel-ahlak","8":"product_shipping_class-book-shipping","10":"first","11":"instock","12":"shipping-taxable","13":"purchasable","14":"product-type-simple"},"_links":{"self":[{"href":"https:\/\/www.ifis-iz.com\/tr\/wp-json\/wp\/v2\/product\/999","targetHints":{"allow":["GET"]}}],"collection":[{"href":"https:\/\/www.ifis-iz.com\/tr\/wp-json\/wp\/v2\/product"}],"about":[{"href":"https:\/\/www.ifis-iz.com\/tr\/wp-json\/wp\/v2\/types\/product"}],"version-history":[{"count":0,"href":"https:\/\/www.ifis-iz.com\/tr\/wp-json\/wp\/v2\/product\/999\/revisions"}],"wp:featuredmedia":[{"embeddable":true,"href":"https:\/\/www.ifis-iz.com\/tr\/wp-json\/wp\/v2\/media\/998"}],"wp:attachment":[{"href":"https:\/\/www.ifis-iz.com\/tr\/wp-json\/wp\/v2\/media?parent=999"}],"wp:term":[{"taxonomy":"product_brand","embeddable":true,"href":"https:\/\/www.ifis-iz.com\/tr\/wp-json\/wp\/v2\/product_brand?post=999"},{"taxonomy":"product_cat","embeddable":true,"href":"https:\/\/www.ifis-iz.com\/tr\/wp-json\/wp\/v2\/product_cat?post=999"},{"taxonomy":"product_tag","embeddable":true,"href":"https:\/\/www.ifis-iz.com\/tr\/wp-json\/wp\/v2\/product_tag?post=999"}],"curies":[{"name":"wp","href":"https:\/\/api.w.org\/{rel}","templated":true}]}}