{"id":90,"date":"2022-09-07T17:39:24","date_gmt":"2022-09-07T15:39:24","guid":{"rendered":"https:\/\/ifis-iz.com\/fotograf-sergisi"},"modified":"2023-06-17T21:36:49","modified_gmt":"2023-06-17T19:36:49","slug":"fotograf-sergisi","status":"publish","type":"page","link":"https:\/\/www.ifis-iz.com\/tr\/etkinlikler\/fotograf-sergisi","title":{"rendered":"Foto\u011fraf Sergisi &#8211; \u201cAvrupa\u2019da \u0130sl\u00e2m\u00ee Hayat \u2013 \u0130nsan ve Mimari\u201d"},"content":{"rendered":"\t\t<div data-elementor-type=\"wp-page\" data-elementor-id=\"90\" class=\"elementor elementor-90 elementor-71\" data-elementor-post-type=\"page\">\n\t\t\t\t\t\t<section class=\"elementor-section elementor-top-section elementor-element elementor-element-74744e05 elementor-section-content-middle elementor-section-boxed elementor-section-height-default elementor-section-height-default\" data-id=\"74744e05\" data-element_type=\"section\" data-e-type=\"section\" data-settings=\"{&quot;background_background&quot;:&quot;classic&quot;}\">\n\t\t\t\t\t\t\t<div class=\"elementor-background-overlay\"><\/div>\n\t\t\t\t\t\t\t<div class=\"elementor-container elementor-column-gap-no\">\n\t\t\t\t\t<div class=\"elementor-column elementor-col-100 elementor-top-column elementor-element elementor-element-1056983b\" data-id=\"1056983b\" data-element_type=\"column\" data-e-type=\"column\">\n\t\t\t<div class=\"elementor-widget-wrap elementor-element-populated\">\n\t\t\t\t\t\t<div class=\"elementor-element elementor-element-ef2e95f elementor-widget elementor-widget-spacer\" data-id=\"ef2e95f\" data-element_type=\"widget\" data-e-type=\"widget\" data-widget_type=\"spacer.default\">\n\t\t\t\t<div class=\"elementor-widget-container\">\n\t\t\t\t\t\t\t<div class=\"elementor-spacer\">\n\t\t\t<div class=\"elementor-spacer-inner\"><\/div>\n\t\t<\/div>\n\t\t\t\t\t\t<\/div>\n\t\t\t\t<\/div>\n\t\t\t\t\t<\/div>\n\t\t<\/div>\n\t\t\t\t\t<\/div>\n\t\t<\/section>\n\t\t\t\t<section class=\"elementor-section elementor-top-section elementor-element elementor-element-125d0e5e elementor-section-boxed elementor-section-height-default elementor-section-height-default\" data-id=\"125d0e5e\" data-element_type=\"section\" data-e-type=\"section\">\n\t\t\t\t\t\t<div class=\"elementor-container elementor-column-gap-default\">\n\t\t\t\t\t<div class=\"elementor-column elementor-col-100 elementor-top-column elementor-element elementor-element-68a7cf2e\" data-id=\"68a7cf2e\" data-element_type=\"column\" data-e-type=\"column\">\n\t\t\t<div class=\"elementor-widget-wrap elementor-element-populated\">\n\t\t\t\t\t\t<div class=\"elementor-element elementor-element-1cd088c7 elementor-widget elementor-widget-text-editor\" data-id=\"1cd088c7\" data-element_type=\"widget\" data-e-type=\"widget\" data-widget_type=\"text-editor.default\">\n\t\t\t\t<div class=\"elementor-widget-container\">\n\t\t\t\t\t\t\t\t\t\u0130F\u0130S&#038;\u0130Z | \u201cAvrupa\u2019da \u0130sl\u00e2m\u00ee Hayat \u2013 \u0130nsan ve Mimari\u201d \r\nKonulu Foto\u011fraf Sergisi G\u00f6rkemli Bir T\u00f6renle A\u00e7\u0131ld\u0131\t\t\t\t\t\t\t\t<\/div>\n\t\t\t\t<\/div>\n\t\t\t\t<div class=\"elementor-element elementor-element-d8fc687 elementor-widget elementor-widget-text-editor\" data-id=\"d8fc687\" data-element_type=\"widget\" data-e-type=\"widget\" data-widget_type=\"text-editor.default\">\n\t\t\t\t<div class=\"elementor-widget-container\">\n\t\t\t\t\t\t\t\t\tGe\u00e7ti\u011fimiz aylarda 100.000 ciltlik Avrupa\u2019n\u0131n en b\u00fcy\u00fck \u0130sl\u00e2m K\u00fct\u00fcphanesini kurma projesiyle ad\u0131ndan bahsettiren Avrupa M\u00fcsl\u00fcmanlar\u0131 K\u00fclt\u00fcrevi (KUDEM), \u015fimdi de \u0130sl\u00e2m\u00ee Ara\u015ft\u0131rmalar ve K\u00fclt\u00fcrleraras\u0131 \u0130\u015fbirli\u011fi Enstit\u00fcs\u00fc (\u0130F\u0130S&#038;\u0130Z) ile ortakla\u015fa d\u00fczenledi\u011fi \u201cAvrupa\u2019da \u0130sl\u00e2m\u00ee Hayat \u2013 \u0130nsan ve Mimari\u201d konulu foto\u011fraf sergisini 2 \u015eubat 2014 tarihinde g\u00f6rkemli bir t\u00f6renle a\u00e7t\u0131.\r\n\r\nA\u00e7\u0131l\u0131\u015f ak\u015fam\u0131nda birer selamlama konu\u015fmas\u0131 yapmak \u00fczere ba\u015fta KUDEM\u2019in kurucusu ve \u0130F\u0130S&#038;\u0130Z Y\u00f6netim Kurulu Ba\u015fkan\u0131, ayn\u0131 zamanda Osnabr\u00fcck \u00dcniversitesi Tefsir Anabilim Dal\u0131 Ba\u015fkan\u0131 olan Prof. Dr. H\u00fcseyin \u0130lker \u00c7\u0131nar olmak \u00fczere, Mannheim B\u00fcy\u00fck\u015fehir Belediye Ba\u015fkan\u0131 Dr. Peter Kurz, T.C. Karlsruhe Ba\u015fkonsolosu Serhat Aksen, T\u00fcbingen \u00dcniversitesi \u0130lahiyat Merkezi Direkt\u00f6r\u00fc Prof. Dr. Erdal Toprakyaran ve Yozgat Bozok \u00dcniversitesi \u0130lahiyat Fak\u00fcltesi Dekan\u0131 Prof. Dr. Ahmet Bedir davetliler aras\u0131nda haz\u0131r bulundular. Selamlama konu\u015fmalar\u0131n\u0131n akabinde Kopenhag\u2019dan gelen Foto\u011frafc\u0131 Ahmed Eckhard Krausen, haz\u0131rlad\u0131\u011f\u0131 sergi hakk\u0131nda bilgi verirken, Marburg \u00dcniversitesi \u00d6\u011fretim \u00dcyesi Prof. Dr. B\u00e4rbel Beinhauer-K\u00f6hler de \u201eAlmanya\u2019da Camiiler\u201c konusuna dair bir konferans verdi. Salonu h\u0131nca h\u0131n\u00e7 dolduran misafirler aras\u0131nda Mannheim \u00dcniversitesi Rekt\u00f6r\u00fc Prof. Dr. Ernst Ludwig von Thadden\u2019in yan\u0131 s\u0131ra siyaset, bilim, sanat ve i\u015f d\u00fcnyas\u0131ndan, kamu y\u00f6netimi (ilgili bakanl\u0131klar) ve sivil toplum \u00f6rg\u00fctlerine kadar bir\u00e7ok alandan \u00e7ok say\u0131da sayg\u0131n isimler yer ald\u0131.\t\t\t\t\t\t\t\t<\/div>\n\t\t\t\t<\/div>\n\t\t\t\t\t<\/div>\n\t\t<\/div>\n\t\t\t\t\t<\/div>\n\t\t<\/section>\n\t\t\t\t<section class=\"elementor-section elementor-top-section elementor-element elementor-element-210cfca5 elementor-section-content-middle elementor-section-boxed elementor-section-height-default elementor-section-height-default\" data-id=\"210cfca5\" data-element_type=\"section\" data-e-type=\"section\">\n\t\t\t\t\t\t<div class=\"elementor-container elementor-column-gap-no\">\n\t\t\t\t\t<div class=\"elementor-column elementor-col-100 elementor-top-column elementor-element elementor-element-5a52bb62\" data-id=\"5a52bb62\" data-element_type=\"column\" data-e-type=\"column\">\n\t\t\t<div class=\"elementor-widget-wrap elementor-element-populated\">\n\t\t\t\t\t\t<div class=\"elementor-element elementor-element-3d21fb56 elementor-skin-slideshow elementor-arrows-yes elementor-widget elementor-widget-media-carousel\" data-id=\"3d21fb56\" data-element_type=\"widget\" data-e-type=\"widget\" data-settings=\"{&quot;space_between&quot;:{&quot;unit&quot;:&quot;px&quot;,&quot;size&quot;:21,&quot;sizes&quot;:[]},&quot;skin&quot;:&quot;slideshow&quot;,&quot;effect&quot;:&quot;slide&quot;,&quot;show_arrows&quot;:&quot;yes&quot;,&quot;speed&quot;:500,&quot;autoplay&quot;:&quot;yes&quot;,&quot;autoplay_speed&quot;:5000,&quot;loop&quot;:&quot;yes&quot;,&quot;pause_on_hover&quot;:&quot;yes&quot;,&quot;pause_on_interaction&quot;:&quot;yes&quot;,&quot;space_between_tablet&quot;:{&quot;unit&quot;:&quot;px&quot;,&quot;size&quot;:10,&quot;sizes&quot;:[]},&quot;space_between_mobile&quot;:{&quot;unit&quot;:&quot;px&quot;,&quot;size&quot;:10,&quot;sizes&quot;:[]}}\" data-widget_type=\"media-carousel.default\">\n\t\t\t\t<div class=\"elementor-widget-container\">\n\t\t\t\t\t\t\t\t\t<div class=\"elementor-swiper\">\n\t\t\t\t\t<div class=\"elementor-main-swiper swiper\" role=\"region\" aria-roledescription=\"carousel\" aria-label=\"Slides\">\n\t\t\t\t<div class=\"swiper-wrapper\">\n\t\t\t\t\t\t\t\t\t\t\t<div class=\"swiper-slide\" role=\"group\" aria-roledescription=\"slide\">\n\t\t\t\t\t\t\t\t\t<div class=\"elementor-carousel-image\" role=\"img\" aria-label=\"\" style=\"background-image: url(&#039;https:\/\/www.ifis-iz.com\/wp-content\/uploads\/2022\/09\/ifis_iz_kudem_fotoaustellung_6.jpg&#039;)\">\n\n\t\t\t\n\t\t\t\t\t<\/div>\n\t\t\t\t\t\t\t\t<\/div>\n\t\t\t\t\t\t\t\t\t\t\t<div class=\"swiper-slide\" role=\"group\" aria-roledescription=\"slide\">\n\t\t\t\t\t\t\t\t\t<div class=\"elementor-carousel-image\" role=\"img\" aria-label=\"\" style=\"background-image: url(&#039;https:\/\/www.ifis-iz.com\/wp-content\/uploads\/2022\/09\/ifis_iz_kudem_fotoaustellung_7.jpg&#039;)\">\n\n\t\t\t\n\t\t\t\t\t<\/div>\n\t\t\t\t\t\t\t\t<\/div>\n\t\t\t\t\t\t\t\t\t\t\t<div class=\"swiper-slide\" role=\"group\" aria-roledescription=\"slide\">\n\t\t\t\t\t\t\t\t\t<div class=\"elementor-carousel-image\" role=\"img\" aria-label=\"\" style=\"background-image: url(&#039;https:\/\/www.ifis-iz.com\/wp-content\/uploads\/2022\/09\/ifis_iz_kudem_fotoaustellung_57.jpg&#039;)\">\n\n\t\t\t\n\t\t\t\t\t<\/div>\n\t\t\t\t\t\t\t\t<\/div>\n\t\t\t\t\t\t\t\t\t\t\t<div class=\"swiper-slide\" role=\"group\" aria-roledescription=\"slide\">\n\t\t\t\t\t\t\t\t\t<div class=\"elementor-carousel-image\" role=\"img\" aria-label=\"\" style=\"background-image: url(&#039;https:\/\/www.ifis-iz.com\/wp-content\/uploads\/2022\/09\/ifis_iz_kudem_fotoaustellung_55.jpg&#039;)\">\n\n\t\t\t\n\t\t\t\t\t<\/div>\n\t\t\t\t\t\t\t\t<\/div>\n\t\t\t\t\t\t\t\t\t\t\t<div class=\"swiper-slide\" role=\"group\" aria-roledescription=\"slide\">\n\t\t\t\t\t\t\t\t\t<div class=\"elementor-carousel-image\" role=\"img\" aria-label=\"\" style=\"background-image: url(&#039;https:\/\/www.ifis-iz.com\/wp-content\/uploads\/2022\/09\/ifis_iz_kudem_fotoaustellung_8.jpg&#039;)\">\n\n\t\t\t\n\t\t\t\t\t<\/div>\n\t\t\t\t\t\t\t\t<\/div>\n\t\t\t\t\t\t\t\t\t<\/div>\n\t\t\t\t\t\t\t\t\t\t\t\t\t\t\t<div class=\"elementor-swiper-button elementor-swiper-button-prev\" role=\"button\" tabindex=\"0\" aria-label=\"Previous\">\n\t\t\t\t\t\t\t<svg aria-hidden=\"true\" class=\"e-font-icon-svg e-eicon-chevron-left\" viewBox=\"0 0 1000 1000\" xmlns=\"http:\/\/www.w3.org\/2000\/svg\"><path d=\"M646 125C629 125 613 133 604 142L308 442C296 454 292 471 292 487 292 504 296 521 308 533L604 854C617 867 629 875 646 875 663 875 679 871 692 858 704 846 713 829 713 812 713 796 708 779 692 767L438 487 692 225C700 217 708 204 708 187 708 171 704 154 692 142 675 129 663 125 646 125Z\"><\/path><\/svg>\t\t\t\t\t\t<\/div>\n\t\t\t\t\t\t<div class=\"elementor-swiper-button elementor-swiper-button-next\" role=\"button\" tabindex=\"0\" aria-label=\"Next\">\n\t\t\t\t\t\t\t<svg aria-hidden=\"true\" class=\"e-font-icon-svg e-eicon-chevron-right\" viewBox=\"0 0 1000 1000\" xmlns=\"http:\/\/www.w3.org\/2000\/svg\"><path d=\"M696 533C708 521 713 504 713 487 713 471 708 454 696 446L400 146C388 133 375 125 354 125 338 125 325 129 313 142 300 154 292 171 292 187 292 204 296 221 308 233L563 492 304 771C292 783 288 800 288 817 288 833 296 850 308 863 321 871 338 875 354 875 371 875 388 867 400 854L696 533Z\"><\/path><\/svg>\t\t\t\t\t\t<\/div>\n\t\t\t\t\t\t\t\t\t\t\t\t\t\t\t\t\t<\/div>\n\t\t\t\t<\/div>\n\t\t\t\t\t\t\t\t<div class=\"elementor-swiper\">\n\t\t\t\t\t<div class=\"elementor-main-swiper swiper elementor-thumbnails-swiper swiper\" role=\"region region\" aria-roledescription=\"carousel carousel\" aria-label=\"Slides Slides\">\n\t\t\t\t<div class=\"swiper-wrapper\">\n\t\t\t\t\t\t\t\t\t\t\t<div class=\"swiper-slide\" role=\"group\" aria-roledescription=\"slide\">\n\t\t\t\t\t\t\t\t\t<div class=\"elementor-carousel-image\" role=\"img\" aria-label=\"\" style=\"background-image: url(&#039;https:\/\/www.ifis-iz.com\/wp-content\/uploads\/2022\/09\/ifis_iz_kudem_fotoaustellung_6.jpg&#039;)\">\n\n\t\t\t\n\t\t\t\t\t<\/div>\n\t\t\t\t\t\t\t\t<\/div>\n\t\t\t\t\t\t\t\t\t\t\t<div class=\"swiper-slide\" role=\"group\" aria-roledescription=\"slide\">\n\t\t\t\t\t\t\t\t\t<div class=\"elementor-carousel-image\" role=\"img\" aria-label=\"\" style=\"background-image: url(&#039;https:\/\/www.ifis-iz.com\/wp-content\/uploads\/2022\/09\/ifis_iz_kudem_fotoaustellung_7.jpg&#039;)\">\n\n\t\t\t\n\t\t\t\t\t<\/div>\n\t\t\t\t\t\t\t\t<\/div>\n\t\t\t\t\t\t\t\t\t\t\t<div class=\"swiper-slide\" role=\"group\" aria-roledescription=\"slide\">\n\t\t\t\t\t\t\t\t\t<div class=\"elementor-carousel-image\" role=\"img\" aria-label=\"\" style=\"background-image: url(&#039;https:\/\/www.ifis-iz.com\/wp-content\/uploads\/2022\/09\/ifis_iz_kudem_fotoaustellung_57.jpg&#039;)\">\n\n\t\t\t\n\t\t\t\t\t<\/div>\n\t\t\t\t\t\t\t\t<\/div>\n\t\t\t\t\t\t\t\t\t\t\t<div class=\"swiper-slide\" role=\"group\" aria-roledescription=\"slide\">\n\t\t\t\t\t\t\t\t\t<div class=\"elementor-carousel-image\" role=\"img\" aria-label=\"\" style=\"background-image: url(&#039;https:\/\/www.ifis-iz.com\/wp-content\/uploads\/2022\/09\/ifis_iz_kudem_fotoaustellung_55.jpg&#039;)\">\n\n\t\t\t\n\t\t\t\t\t<\/div>\n\t\t\t\t\t\t\t\t<\/div>\n\t\t\t\t\t\t\t\t\t\t\t<div class=\"swiper-slide\" role=\"group\" aria-roledescription=\"slide\">\n\t\t\t\t\t\t\t\t\t<div class=\"elementor-carousel-image\" role=\"img\" aria-label=\"\" style=\"background-image: url(&#039;https:\/\/www.ifis-iz.com\/wp-content\/uploads\/2022\/09\/ifis_iz_kudem_fotoaustellung_8.jpg&#039;)\">\n\n\t\t\t\n\t\t\t\t\t<\/div>\n\t\t\t\t\t\t\t\t<\/div>\n\t\t\t\t\t\t\t\t\t<\/div>\n\t\t\t\t\t\t\t\t\t\t\t\t\t\t\t\t\t\t\t\t\t<\/div>\n\t\t\t\t<\/div>\n\t\t\t\t\t\t\t\t<\/div>\n\t\t\t\t<\/div>\n\t\t\t\t\t<\/div>\n\t\t<\/div>\n\t\t\t\t\t<\/div>\n\t\t<\/section>\n\t\t\t\t<section class=\"elementor-section elementor-top-section elementor-element elementor-element-fd27f6f elementor-section-boxed elementor-section-height-default elementor-section-height-default\" data-id=\"fd27f6f\" data-element_type=\"section\" data-e-type=\"section\">\n\t\t\t\t\t\t<div class=\"elementor-container elementor-column-gap-default\">\n\t\t\t\t\t<div class=\"elementor-column elementor-col-100 elementor-top-column elementor-element elementor-element-43a0de67\" data-id=\"43a0de67\" data-element_type=\"column\" data-e-type=\"column\">\n\t\t\t<div class=\"elementor-widget-wrap elementor-element-populated\">\n\t\t\t\t\t\t<div class=\"elementor-element elementor-element-3f844bc6 elementor-widget elementor-widget-text-editor\" data-id=\"3f844bc6\" data-element_type=\"widget\" data-e-type=\"widget\" data-widget_type=\"text-editor.default\">\n\t\t\t\t<div class=\"elementor-widget-container\">\n\t\t\t\t\t\t\t\t\t<p>Bir yandan dinimiz \u0130sl\u00e2m\u2019\u0131n Avrupa\u2019da daha iyi anla\u015f\u0131lmas\u0131na, di\u011fer yandan da m\u00fcsl\u00fcmanlar ile gayrim\u00fcslimler aras\u0131ndaki diyalo\u011fun yo\u011funla\u015ft\u0131r\u0131lmas\u0131na katk\u0131 sa\u011flamay\u0131 hedefleyen sergide, Avrupa\u2019daki m\u00fcsl\u00fcman topluluklar\u0131n farkl\u0131 ya\u015fant\u0131lar\u0131n\u0131 ve \u0130slam mimarisinin \u00e7e\u015fitli \u00f6rneklerini yans\u0131tan foto\u011fraf kareleriyle Avrupa\u2019daki \u0130slam\u00ee hayat\u0131n \u00e7e\u015fitlili\u011fi ortaya konuldu.<\/p><p>Selamlama konu\u015fmas\u0131nda t\u00fcm misafirlere g\u00f6sterdikleri yo\u011fun ilgi ve kat\u0131l\u0131mlardan dolay\u0131 te\u015fekk\u00fcr eden Prof. Dr. H\u00fcseyin \u0130lker \u00c7\u0131nar, hitabesinin devam\u0131nda \u0130F\u0130S&amp;\u0130Z\u2019in proje ve gayelerine de\u011finerek, \u201cYeti\u015fmelerine vesile olmak istedi\u011fimiz yetenekli gen\u00e7 ku\u015faklara, d\u00fcnyan\u0131n en geli\u015fmi\u015f \u00fcniversitelerinde lisans ve lisans\u00fcst\u00fc e\u011fitim yapma imk\u00e2n\u0131 sunarak, onlar\u0131n evrensel de\u011ferlerle i\u00e7 i\u00e7e, \u00e7ok dilli ve standartlar\u0131n \u00fczerinde yeti\u015fmelerini sa\u011flamak istiyoruz. Bu meyanda Oxford, Kahire ve \u0130stanbul\u2019daki \u0130lahiyat e\u011fitimi ile \u00f6n plana \u00e7\u0131kan \u00fcniversite ve merkezlerle ilk kooperasyon g\u00f6r\u00fc\u015fmelerini ger\u00e7ekle\u015ftirdik. Aslolan g\u00f6k kubbenin alt\u0131nda ho\u015f bir sad\u00e2 b\u0131rakmakt\u0131r. Kazan\u0131mlar\u0131m\u0131z, insanl\u0131kla payla\u015ft\u0131k\u00e7a ve yarad\u0131lana hizmet ettik\u00e7e m\u00e2n\u00e2 kazanacakt\u0131r\u201d dedi.<\/p><p>KUDEM ad\u0131na konu\u015fan Y\u00f6netim Kurulu Ba\u015fkan\u0131, \u201cToplumun bir par\u00e7as\u0131 olarak amac\u0131m\u0131z, farkl\u0131 k\u00fclt\u00fcr ve medeniyetlere mensup insanlar aras\u0131nda k\u00f6pr\u00fcler in\u015fa etmektir. Bu hedefimize ula\u015fmak \u00fczere benimsedi\u011fimiz y\u00f6ntem, insanl\u0131\u011f\u0131n ortak ve evrensel dili olan sanattan, estetikten, ilim ve irfandan \u00e2z\u00e2m\u00ee \u00f6l\u00e7\u00fcde istifade etmektir\u201d dedi.<\/p>\t\t\t\t\t\t\t\t<\/div>\n\t\t\t\t<\/div>\n\t\t\t\t\t<\/div>\n\t\t<\/div>\n\t\t\t\t\t<\/div>\n\t\t<\/section>\n\t\t\t\t<section class=\"elementor-section elementor-top-section elementor-element elementor-element-60976b3a elementor-section-content-middle elementor-section-boxed elementor-section-height-default elementor-section-height-default\" data-id=\"60976b3a\" data-element_type=\"section\" data-e-type=\"section\">\n\t\t\t\t\t\t<div class=\"elementor-container elementor-column-gap-no\">\n\t\t\t\t\t<div class=\"elementor-column elementor-col-100 elementor-top-column elementor-element elementor-element-3656704f\" data-id=\"3656704f\" data-element_type=\"column\" data-e-type=\"column\">\n\t\t\t<div class=\"elementor-widget-wrap elementor-element-populated\">\n\t\t\t\t\t\t<div class=\"elementor-element elementor-element-720a930b elementor-skin-slideshow elementor-arrows-yes elementor-widget elementor-widget-media-carousel\" data-id=\"720a930b\" data-element_type=\"widget\" data-e-type=\"widget\" data-settings=\"{&quot;space_between&quot;:{&quot;unit&quot;:&quot;px&quot;,&quot;size&quot;:29,&quot;sizes&quot;:[]},&quot;skin&quot;:&quot;slideshow&quot;,&quot;effect&quot;:&quot;slide&quot;,&quot;show_arrows&quot;:&quot;yes&quot;,&quot;speed&quot;:500,&quot;autoplay&quot;:&quot;yes&quot;,&quot;autoplay_speed&quot;:5000,&quot;loop&quot;:&quot;yes&quot;,&quot;pause_on_hover&quot;:&quot;yes&quot;,&quot;pause_on_interaction&quot;:&quot;yes&quot;,&quot;space_between_tablet&quot;:{&quot;unit&quot;:&quot;px&quot;,&quot;size&quot;:10,&quot;sizes&quot;:[]},&quot;space_between_mobile&quot;:{&quot;unit&quot;:&quot;px&quot;,&quot;size&quot;:10,&quot;sizes&quot;:[]}}\" data-widget_type=\"media-carousel.default\">\n\t\t\t\t<div class=\"elementor-widget-container\">\n\t\t\t\t\t\t\t\t\t<div class=\"elementor-swiper\">\n\t\t\t\t\t<div class=\"elementor-main-swiper swiper\" role=\"region\" aria-roledescription=\"carousel\" aria-label=\"Slides\">\n\t\t\t\t<div class=\"swiper-wrapper\">\n\t\t\t\t\t\t\t\t\t\t\t<div class=\"swiper-slide\" role=\"group\" aria-roledescription=\"slide\">\n\t\t\t\t\t\t\t\t\t<div class=\"elementor-carousel-image\" role=\"img\" aria-label=\"\" style=\"background-image: url(&#039;https:\/\/www.ifis-iz.com\/wp-content\/uploads\/2022\/09\/ifis_iz_kudem_fotoaustellung_41.jpg&#039;)\">\n\n\t\t\t\n\t\t\t\t\t<\/div>\n\t\t\t\t\t\t\t\t<\/div>\n\t\t\t\t\t\t\t\t\t\t\t<div class=\"swiper-slide\" role=\"group\" aria-roledescription=\"slide\">\n\t\t\t\t\t\t\t\t\t<div class=\"elementor-carousel-image\" role=\"img\" aria-label=\"\" style=\"background-image: url(&#039;https:\/\/www.ifis-iz.com\/wp-content\/uploads\/2022\/09\/ifis_iz_kudem_fotoaustellung_24.jpg&#039;)\">\n\n\t\t\t\n\t\t\t\t\t<\/div>\n\t\t\t\t\t\t\t\t<\/div>\n\t\t\t\t\t\t\t\t\t\t\t<div class=\"swiper-slide\" role=\"group\" aria-roledescription=\"slide\">\n\t\t\t\t\t\t\t\t\t<div class=\"elementor-carousel-image\" role=\"img\" aria-label=\"\" style=\"background-image: url(&#039;https:\/\/www.ifis-iz.com\/wp-content\/uploads\/2022\/09\/ifis_iz_kudem_fotoaustellung_19.jpg&#039;)\">\n\n\t\t\t\n\t\t\t\t\t<\/div>\n\t\t\t\t\t\t\t\t<\/div>\n\t\t\t\t\t\t\t\t\t\t\t<div class=\"swiper-slide\" role=\"group\" aria-roledescription=\"slide\">\n\t\t\t\t\t\t\t\t\t<div class=\"elementor-carousel-image\" role=\"img\" aria-label=\"\" style=\"background-image: url(&#039;https:\/\/www.ifis-iz.com\/wp-content\/uploads\/2022\/09\/ifis_iz_kudem_fotoaustellung_27.jpg&#039;)\">\n\n\t\t\t\n\t\t\t\t\t<\/div>\n\t\t\t\t\t\t\t\t<\/div>\n\t\t\t\t\t\t\t\t\t\t\t<div class=\"swiper-slide\" role=\"group\" aria-roledescription=\"slide\">\n\t\t\t\t\t\t\t\t\t<div class=\"elementor-carousel-image\" role=\"img\" aria-label=\"\" style=\"background-image: url(&#039;https:\/\/www.ifis-iz.com\/wp-content\/uploads\/2022\/09\/ifis_iz_kudem_fotoaustellung_37.jpg&#039;)\">\n\n\t\t\t\n\t\t\t\t\t<\/div>\n\t\t\t\t\t\t\t\t<\/div>\n\t\t\t\t\t\t\t\t\t\t\t<div class=\"swiper-slide\" role=\"group\" aria-roledescription=\"slide\">\n\t\t\t\t\t\t\t\t\t<div class=\"elementor-carousel-image\" role=\"img\" aria-label=\"\" style=\"background-image: url(&#039;https:\/\/www.ifis-iz.com\/wp-content\/uploads\/2022\/09\/ifis_iz_kudem_fotoaustellung_46.jpg&#039;)\">\n\n\t\t\t\n\t\t\t\t\t<\/div>\n\t\t\t\t\t\t\t\t<\/div>\n\t\t\t\t\t\t\t\t\t\t\t<div class=\"swiper-slide\" role=\"group\" aria-roledescription=\"slide\">\n\t\t\t\t\t\t\t\t\t<div class=\"elementor-carousel-image\" role=\"img\" aria-label=\"\" style=\"background-image: url(&#039;https:\/\/www.ifis-iz.com\/wp-content\/uploads\/2022\/09\/ifis_iz_kudem_fotoaustellung_48.jpg&#039;)\">\n\n\t\t\t\n\t\t\t\t\t<\/div>\n\t\t\t\t\t\t\t\t<\/div>\n\t\t\t\t\t\t\t\t\t\t\t<div class=\"swiper-slide\" role=\"group\" aria-roledescription=\"slide\">\n\t\t\t\t\t\t\t\t\t<div class=\"elementor-carousel-image\" role=\"img\" aria-label=\"\" style=\"background-image: url(&#039;https:\/\/www.ifis-iz.com\/wp-content\/uploads\/2022\/09\/ifis_iz_kudem_fotoaustellung_16.jpg&#039;)\">\n\n\t\t\t\n\t\t\t\t\t<\/div>\n\t\t\t\t\t\t\t\t<\/div>\n\t\t\t\t\t\t\t\t\t<\/div>\n\t\t\t\t\t\t\t\t\t\t\t\t\t\t\t<div class=\"elementor-swiper-button elementor-swiper-button-prev\" role=\"button\" tabindex=\"0\" aria-label=\"Previous\">\n\t\t\t\t\t\t\t<svg aria-hidden=\"true\" class=\"e-font-icon-svg e-eicon-chevron-left\" viewBox=\"0 0 1000 1000\" xmlns=\"http:\/\/www.w3.org\/2000\/svg\"><path d=\"M646 125C629 125 613 133 604 142L308 442C296 454 292 471 292 487 292 504 296 521 308 533L604 854C617 867 629 875 646 875 663 875 679 871 692 858 704 846 713 829 713 812 713 796 708 779 692 767L438 487 692 225C700 217 708 204 708 187 708 171 704 154 692 142 675 129 663 125 646 125Z\"><\/path><\/svg>\t\t\t\t\t\t<\/div>\n\t\t\t\t\t\t<div class=\"elementor-swiper-button elementor-swiper-button-next\" role=\"button\" tabindex=\"0\" aria-label=\"Next\">\n\t\t\t\t\t\t\t<svg aria-hidden=\"true\" class=\"e-font-icon-svg e-eicon-chevron-right\" viewBox=\"0 0 1000 1000\" xmlns=\"http:\/\/www.w3.org\/2000\/svg\"><path d=\"M696 533C708 521 713 504 713 487 713 471 708 454 696 446L400 146C388 133 375 125 354 125 338 125 325 129 313 142 300 154 292 171 292 187 292 204 296 221 308 233L563 492 304 771C292 783 288 800 288 817 288 833 296 850 308 863 321 871 338 875 354 875 371 875 388 867 400 854L696 533Z\"><\/path><\/svg>\t\t\t\t\t\t<\/div>\n\t\t\t\t\t\t\t\t\t\t\t\t\t\t\t\t\t<\/div>\n\t\t\t\t<\/div>\n\t\t\t\t\t\t\t\t<div class=\"elementor-swiper\">\n\t\t\t\t\t<div class=\"elementor-main-swiper swiper elementor-thumbnails-swiper swiper\" role=\"region region\" aria-roledescription=\"carousel carousel\" aria-label=\"Slides Slides\">\n\t\t\t\t<div class=\"swiper-wrapper\">\n\t\t\t\t\t\t\t\t\t\t\t<div class=\"swiper-slide\" role=\"group\" aria-roledescription=\"slide\">\n\t\t\t\t\t\t\t\t\t<div class=\"elementor-carousel-image\" role=\"img\" aria-label=\"\" style=\"background-image: url(&#039;https:\/\/www.ifis-iz.com\/wp-content\/uploads\/2022\/09\/ifis_iz_kudem_fotoaustellung_41.jpg&#039;)\">\n\n\t\t\t\n\t\t\t\t\t<\/div>\n\t\t\t\t\t\t\t\t<\/div>\n\t\t\t\t\t\t\t\t\t\t\t<div class=\"swiper-slide\" role=\"group\" aria-roledescription=\"slide\">\n\t\t\t\t\t\t\t\t\t<div class=\"elementor-carousel-image\" role=\"img\" aria-label=\"\" style=\"background-image: url(&#039;https:\/\/www.ifis-iz.com\/wp-content\/uploads\/2022\/09\/ifis_iz_kudem_fotoaustellung_24.jpg&#039;)\">\n\n\t\t\t\n\t\t\t\t\t<\/div>\n\t\t\t\t\t\t\t\t<\/div>\n\t\t\t\t\t\t\t\t\t\t\t<div class=\"swiper-slide\" role=\"group\" aria-roledescription=\"slide\">\n\t\t\t\t\t\t\t\t\t<div class=\"elementor-carousel-image\" role=\"img\" aria-label=\"\" style=\"background-image: url(&#039;https:\/\/www.ifis-iz.com\/wp-content\/uploads\/2022\/09\/ifis_iz_kudem_fotoaustellung_19.jpg&#039;)\">\n\n\t\t\t\n\t\t\t\t\t<\/div>\n\t\t\t\t\t\t\t\t<\/div>\n\t\t\t\t\t\t\t\t\t\t\t<div class=\"swiper-slide\" role=\"group\" aria-roledescription=\"slide\">\n\t\t\t\t\t\t\t\t\t<div class=\"elementor-carousel-image\" role=\"img\" aria-label=\"\" style=\"background-image: url(&#039;https:\/\/www.ifis-iz.com\/wp-content\/uploads\/2022\/09\/ifis_iz_kudem_fotoaustellung_27.jpg&#039;)\">\n\n\t\t\t\n\t\t\t\t\t<\/div>\n\t\t\t\t\t\t\t\t<\/div>\n\t\t\t\t\t\t\t\t\t\t\t<div class=\"swiper-slide\" role=\"group\" aria-roledescription=\"slide\">\n\t\t\t\t\t\t\t\t\t<div class=\"elementor-carousel-image\" role=\"img\" aria-label=\"\" style=\"background-image: url(&#039;https:\/\/www.ifis-iz.com\/wp-content\/uploads\/2022\/09\/ifis_iz_kudem_fotoaustellung_37.jpg&#039;)\">\n\n\t\t\t\n\t\t\t\t\t<\/div>\n\t\t\t\t\t\t\t\t<\/div>\n\t\t\t\t\t\t\t\t\t\t\t<div class=\"swiper-slide\" role=\"group\" aria-roledescription=\"slide\">\n\t\t\t\t\t\t\t\t\t<div class=\"elementor-carousel-image\" role=\"img\" aria-label=\"\" style=\"background-image: url(&#039;https:\/\/www.ifis-iz.com\/wp-content\/uploads\/2022\/09\/ifis_iz_kudem_fotoaustellung_46.jpg&#039;)\">\n\n\t\t\t\n\t\t\t\t\t<\/div>\n\t\t\t\t\t\t\t\t<\/div>\n\t\t\t\t\t\t\t\t\t\t\t<div class=\"swiper-slide\" role=\"group\" aria-roledescription=\"slide\">\n\t\t\t\t\t\t\t\t\t<div class=\"elementor-carousel-image\" role=\"img\" aria-label=\"\" style=\"background-image: url(&#039;https:\/\/www.ifis-iz.com\/wp-content\/uploads\/2022\/09\/ifis_iz_kudem_fotoaustellung_48.jpg&#039;)\">\n\n\t\t\t\n\t\t\t\t\t<\/div>\n\t\t\t\t\t\t\t\t<\/div>\n\t\t\t\t\t\t\t\t\t\t\t<div class=\"swiper-slide\" role=\"group\" aria-roledescription=\"slide\">\n\t\t\t\t\t\t\t\t\t<div class=\"elementor-carousel-image\" role=\"img\" aria-label=\"\" style=\"background-image: url(&#039;https:\/\/www.ifis-iz.com\/wp-content\/uploads\/2022\/09\/ifis_iz_kudem_fotoaustellung_16.jpg&#039;)\">\n\n\t\t\t\n\t\t\t\t\t<\/div>\n\t\t\t\t\t\t\t\t<\/div>\n\t\t\t\t\t\t\t\t\t<\/div>\n\t\t\t\t\t\t\t\t\t\t\t\t\t\t\t\t\t\t\t\t\t<\/div>\n\t\t\t\t<\/div>\n\t\t\t\t\t\t\t\t<\/div>\n\t\t\t\t<\/div>\n\t\t\t\t\t<\/div>\n\t\t<\/div>\n\t\t\t\t\t<\/div>\n\t\t<\/section>\n\t\t\t\t<section class=\"elementor-section elementor-top-section elementor-element elementor-element-6a5f7c08 elementor-section-boxed elementor-section-height-default elementor-section-height-default\" data-id=\"6a5f7c08\" data-element_type=\"section\" data-e-type=\"section\">\n\t\t\t\t\t\t<div class=\"elementor-container elementor-column-gap-default\">\n\t\t\t\t\t<div class=\"elementor-column elementor-col-100 elementor-top-column elementor-element elementor-element-38008a5b\" data-id=\"38008a5b\" data-element_type=\"column\" data-e-type=\"column\">\n\t\t\t<div class=\"elementor-widget-wrap elementor-element-populated\">\n\t\t\t\t\t\t<div class=\"elementor-element elementor-element-1d894622 elementor-widget elementor-widget-text-editor\" data-id=\"1d894622\" data-element_type=\"widget\" data-e-type=\"widget\" data-widget_type=\"text-editor.default\">\n\t\t\t\t<div class=\"elementor-widget-container\">\n\t\t\t\t\t\t\t\t\tMannheim B\u00fcy\u00fck\u015fehir Belediye Ba\u015fkan\u0131 Dr. Peter Kurz ise, Mannheim Belediyesi olarak en ba\u015ftan beri k\u00fclt\u00fcrler aras\u0131nda g\u00fc\u00e7l\u00fc bir diyalog ger\u00e7ekle\u015ftirdiklerini ve ortak gayenin empati temeli \u00fczerinde geli\u015fen bir \u015fehir toplumunu olu\u015fturmak oldu\u011funu kaydetti. KUDEM\u2019de a\u00e7\u0131lan bu serginin hakikat\u0131 yans\u0131tt\u0131\u011f\u0131n\u0131 dile getiren Dr. Kurz, toplumlar\u0131n birbirlerini daha iyi tan\u0131y\u0131p anlayabilmesi i\u00e7in bu serginin m\u00fckemmel bir vesile oldu\u011funu ifade ederek, KUDEM ve \u0130F\u0130S&#038;\u0130Z ile yapt\u0131klar\u0131 i\u015fbirli\u011fini daha da geli\u015ftireceklerini duyurdu.\r\n\r\nKUDEM ve \u0130F\u0130S&#038;\u0130Z\u2019in \u00e7al\u0131\u015fmalar\u0131n\u0131 takdirle izledi\u011fini ve bu sergi a\u00e7\u0131l\u0131\u015f\u0131na memnuniyetle kat\u0131ld\u0131\u011f\u0131n\u0131 s\u00f6yleyen T.C. Karlsruhe Ba\u015fkonsolosu Serhat Aksen ise, \u201cBu sergi, \u0130slamiyet\u2019in Almanya\u2019n\u0131n bir par\u00e7as\u0131 olup olmad\u0131\u011f\u0131na dair yap\u0131lan gereksiz tart\u0131\u015fmalar\u0131n sonudur. Avrupa\u2019daki isl\u00e2m\u00ee hayat bir ger\u00e7ektir ve bu \u00e7e\u015fitlilik hepimiz i\u00e7in bir zenginliktir\u201d ifadelerini kulland\u0131 ve herkesi \u201ckar\u015f\u0131l\u0131kl\u0131 ho\u015fg\u00f6r\u00fc\u201dden ziyade \u201ckar\u015f\u0131l\u0131kl\u0131 sayg\u0131\u201dya davet etti.\r\n\r\nKonu\u015fmas\u0131n\u0131n b\u00fcy\u00fck bir k\u0131sm\u0131n\u0131 KUDEM\u2019in kurmakta oldu\u011fu ve mevcut 25.000 cilt eseriyle \u015fu anda bile Avrupa\u2019n\u0131n en b\u00fcy\u00fckleri aras\u0131na girmeyi ba\u015faran \u0130slam k\u00fct\u00fcphanesine ay\u0131ran T\u00fcbingen \u00dcniversitesi \u0130lahiyat Merkezi Direkt\u00f6r\u00fc Prof. Dr. Erdal Toprakyaran, bu projenin Almanya \u00fcniversitelerinde kurulan \u0130sl\u00e2m \u0130lahiyat\u0131 Enstit\u00fcs\u00fc ve Merkezleri ile buralarda yap\u0131lacak bilimsel ara\u015ft\u0131rmalar i\u00e7in \u00e7ok \u00f6nemli bir altyap\u0131 olu\u015fturdu\u011funu vurgulad\u0131.\r\n\r\nSergi a\u00e7\u0131l\u0131\u015f\u0131 m\u00fcnasebetiyle \u00f6zel olarak T\u00fcrkiye\u2019den gelen Yozgat Bozok \u00dcniversitesi \u0130lahiyat Fak\u00fcltesi Dekan\u0131 Prof. Dr. Ahmet Bedir ise, mabed ve camiilerin \u00f6nem ve fonksiyonlar\u0131na i\u015faret ettikten sonra farkl\u0131 inan\u00e7lara mensup insanlar\u0131n kar\u015f\u0131l\u0131kl\u0131 sayg\u0131 ve a\u00e7\u0131k s\u00f6zl\u00fcl\u00fck i\u00e7erisinde yapt\u0131klar\u0131 g\u00f6r\u00fc\u015fmelerin en g\u00fczel diyalog \u00f6rne\u011fini te\u015fkil etti\u011fini ve b\u00f6ylesi i\u00e7tenlikle y\u00fcr\u00fct\u00fclen diyaloglar\u0131n her zaman ve her alanda \u00e7ok tatl\u0131 meyveler verece\u011fine dikkat \u00e7ekti.\r\n\r\nSelamlama konu\u015fmalar\u0131na m\u00fcteakiben s\u00f6z alan Danimarkal\u0131 foto\u011frafc\u0131 Eckhard Ahmed Krausen, 1997 y\u0131l\u0131ndan beri \u201cAvrupa\u2019da \u0130slam\u201d ad\u0131 alt\u0131nda y\u00fcr\u00fctt\u00fc\u011f\u00fc fotodok\u00fcmentasyon \u00e7al\u0131\u015fmalar\u0131n\u0131 anlat\u0131rken, Marburg \u00dcniversitesi \u00d6\u011fretim \u00dcyesi Prof. Dr. B\u00e4rbel Beinhauer-K\u00f6hler de g\u00f6rsel materyaller e\u015fli\u011finde Almanya\u2019daki camiiler ve mimarileri hakk\u0131nda bir sunumda bulundu.\r\n\r\nYo\u011fun ilgi g\u00f6ren program, KUDEM b\u00fcnyesinde yeti\u015fen bir neyzenin de kat\u0131l\u0131m sa\u011flad\u0131\u011f\u0131 muhte\u015fem bir m\u00fbs\u0131k\u00ee dinletisi ve akabinde t\u00fcm misafirlere a\u00e7\u0131k b\u00fcfede sunulan lezzetler ile son buldu.\r\n\r\nBu gibi etkinliklerin bundan sonra giderek artaca\u011f\u0131n\u0131 ifade eden Prof. Dr. H\u00fcseyin \u0130lker \u00c7\u0131nar, KUDEM ve \u0130F\u0130S&#038;\u0130Z\u2019in insanl\u0131\u011f\u0131n hayr\u0131na olacak hizmetler i\u00e7in kuruldu\u011funu, dolay\u0131s\u0131yla zaman\u0131n ve mekan\u0131n \u015fartlar\u0131n\u0131 da g\u00f6zetmek suretiyle ilim ve irfandan nasibi olan, elinden ve dilinden kimsenin zarar g\u00f6rmedi\u011fi, topluma ve insanl\u0131\u011fa faydal\u0131, \u00e7a\u011f\u0131 do\u011fru okuyan de\u011ferli bireylerin ve akademisyenlerin d\u00fcnyan\u0131n en geli\u015fmi\u015f \u00fcniversite ve bilim kadrolar\u0131yla irtibat halinde yeti\u015ftirilmesine y\u00f6nelik \u00e7ok y\u00f6nl\u00fc \u00e7al\u0131\u015fmalar\u0131n artarak, b\u00fcy\u00fck bir a\u015fk ile s\u00fcrece\u011fine i\u015faret etti. B\u00fct\u00fcn bunlar\u0131n yan\u0131 s\u0131ra Prof. Dr. \u00c7\u0131nar, \u00f6n\u00fcm\u00fczdeki aylarda ba\u015flamas\u0131 planlanan ve d\u00fcnyaca kabul g\u00f6rm\u00fc\u015f ilim adamlar\u0131 ve \u015fahsiyetlerin de kat\u0131l\u0131mlar\u0131yla ger\u00e7ekle\u015fecek olan seri konferanslar\u0131n m\u00fcjdesini verirken, \u015fu andaki konumu itibariyle bile sayg\u0131n bir noktada olan bilimsel isl\u00e2m k\u00fct\u00fcphanesine al\u0131nacak ikinci dilim 25.000 cilt yeni eserin temini i\u00e7in \u00e7al\u0131\u015fmalar\u0131n ba\u015flad\u0131\u011f\u0131n\u0131 ve projenin h\u0131zla tamamlanmas\u0131 i\u00e7in u\u011fra\u015f verildi\u011fini bildirdi.\t\t\t\t\t\t\t\t<\/div>\n\t\t\t\t<\/div>\n\t\t\t\t\t<\/div>\n\t\t<\/div>\n\t\t\t\t\t<\/div>\n\t\t<\/section>\n\t\t\t\t<\/div>\n\t\t","protected":false},"excerpt":{"rendered":"<p>\u0130F\u0130S&#038;\u0130Z | \u201cAvrupa\u2019da \u0130sl\u00e2m\u00ee Hayat \u2013 \u0130nsan ve Mimari\u201d Konulu Foto\u011fraf Sergisi G\u00f6rkemli Bir T\u00f6renle A\u00e7\u0131ld\u0131Ge\u00e7ti\u011fimiz aylarda 100.000 ciltlik Avrupa\u2019n\u0131n en b\u00fcy\u00fck \u0130sl\u00e2m K\u00fct\u00fcphanesini kurma projesiyle ad\u0131ndan bahsettiren Avrupa M\u00fcsl\u00fcmanlar\u0131 K\u00fclt\u00fcrevi (KUDEM), \u015fimdi de \u0130sl\u00e2m\u00ee Ara\u015ft\u0131rmalar ve K\u00fclt\u00fcrleraras\u0131 \u0130\u015fbirli\u011fi Enstit\u00fcs\u00fc (\u0130F\u0130S&#038;\u0130Z) ile ortakla\u015fa d\u00fczenledi\u011fi \u201cAvrupa\u2019da \u0130sl\u00e2m\u00ee Hayat \u2013 \u0130nsan ve Mimari\u201d konulu foto\u011fraf sergisini 2 [&hellip;]<\/p>\n","protected":false},"author":1,"featured_media":72,"parent":97,"menu_order":0,"comment_status":"closed","ping_status":"closed","template":"","meta":{"footnotes":""},"class_list":["post-90","page","type-page","status-publish","has-post-thumbnail","hentry"],"_links":{"self":[{"href":"https:\/\/www.ifis-iz.com\/tr\/wp-json\/wp\/v2\/pages\/90","targetHints":{"allow":["GET"]}}],"collection":[{"href":"https:\/\/www.ifis-iz.com\/tr\/wp-json\/wp\/v2\/pages"}],"about":[{"href":"https:\/\/www.ifis-iz.com\/tr\/wp-json\/wp\/v2\/types\/page"}],"author":[{"embeddable":true,"href":"https:\/\/www.ifis-iz.com\/tr\/wp-json\/wp\/v2\/users\/1"}],"replies":[{"embeddable":true,"href":"https:\/\/www.ifis-iz.com\/tr\/wp-json\/wp\/v2\/comments?post=90"}],"version-history":[{"count":0,"href":"https:\/\/www.ifis-iz.com\/tr\/wp-json\/wp\/v2\/pages\/90\/revisions"}],"up":[{"embeddable":true,"href":"https:\/\/www.ifis-iz.com\/tr\/wp-json\/wp\/v2\/pages\/97"}],"wp:featuredmedia":[{"embeddable":true,"href":"https:\/\/www.ifis-iz.com\/tr\/wp-json\/wp\/v2\/media\/72"}],"wp:attachment":[{"href":"https:\/\/www.ifis-iz.com\/tr\/wp-json\/wp\/v2\/media?parent=90"}],"curies":[{"name":"wp","href":"https:\/\/api.w.org\/{rel}","templated":true}]}}