{"id":977,"date":"2018-12-01T14:04:28","date_gmt":"2018-12-01T12:04:28","guid":{"rendered":"https:\/\/ifis-iz.com\/?post_type=product&#038;p=977"},"modified":"2023-02-11T18:15:33","modified_gmt":"2023-02-11T16:15:33","slug":"spiritualitaet-in-religion-und-kultur","status":"publish","type":"product","link":"https:\/\/www.ifis-iz.com\/fr\/produit\/spiritualitaet-in-religion-und-kultur","title":{"rendered":"Spiritualit\u00e4t in Religion und Kultur"},"content":{"rendered":"<p>We are pleased to present our first publication. With the conference publication \u00ab\u00a0Spiritualit\u00e4t in Religion und Kultur\u00a0\u00bb, edited by Prof. Dr. H\u00fcseyin \u0130lker \u00c7\u0131nar and Prof. Dr. Dr. Raif Georges Khoury, IFIS&amp;IZ has started its publishing work under the publishing house \u00ab\u00a0IFIS&amp;IZ Publications\u00a0\u00bb.<\/p>\n<p>The conference publication is based on the symposium of the same title held on June 2-4, 2011 and includes contributions from more than twenty scholars from the Orient and Occident, including S\u00fcleyman Uluda\u011f, Edmund Weber, Miklos Muranyi, Merdan G\u00fcne\u015f, Georges Hobeika, Mariette Fayad, Mevl\u00fct G\u00fcng\u00f6r, Concepci\u00f3n Castillo Castillo, Dirk Ansorge, Hassan Majeed Alobaidy, Krzysztof Ko\u015bcielniak, H\u00fcseyin Ya\u015far etc.<\/p>\n","protected":false},"excerpt":{"rendered":"<p>The conference publication is based on the symposium of the same title held from June 2-4, 2011, and includes contributions from more than twenty scholars from the Orient and Occident.<\/p>\n[elementor-template id=\"1922\"]\n","protected":false},"featured_media":979,"template":"","meta":[],"product_brand":[],"product_cat":[117,26],"product_tag":[],"class_list":{"0":"post-977","1":"product","2":"type-product","3":"status-publish","4":"has-post-thumbnail","6":"product_cat-conference-publications","7":"product_cat-general","9":"first","10":"instock","11":"shipping-taxable","12":"purchasable","13":"product-type-simple"},"_links":{"self":[{"href":"https:\/\/www.ifis-iz.com\/fr\/wp-json\/wp\/v2\/product\/977","targetHints":{"allow":["GET"]}}],"collection":[{"href":"https:\/\/www.ifis-iz.com\/fr\/wp-json\/wp\/v2\/product"}],"about":[{"href":"https:\/\/www.ifis-iz.com\/fr\/wp-json\/wp\/v2\/types\/product"}],"version-history":[{"count":0,"href":"https:\/\/www.ifis-iz.com\/fr\/wp-json\/wp\/v2\/product\/977\/revisions"}],"wp:featuredmedia":[{"embeddable":true,"href":"https:\/\/www.ifis-iz.com\/fr\/wp-json\/wp\/v2\/media\/979"}],"wp:attachment":[{"href":"https:\/\/www.ifis-iz.com\/fr\/wp-json\/wp\/v2\/media?parent=977"}],"wp:term":[{"taxonomy":"product_brand","embeddable":true,"href":"https:\/\/www.ifis-iz.com\/fr\/wp-json\/wp\/v2\/product_brand?post=977"},{"taxonomy":"product_cat","embeddable":true,"href":"https:\/\/www.ifis-iz.com\/fr\/wp-json\/wp\/v2\/product_cat?post=977"},{"taxonomy":"product_tag","embeddable":true,"href":"https:\/\/www.ifis-iz.com\/fr\/wp-json\/wp\/v2\/product_tag?post=977"}],"curies":[{"name":"wp","href":"https:\/\/api.w.org\/{rel}","templated":true}]}}